{"id":11952,"date":"2019-12-18T20:17:36","date_gmt":"2019-12-18T19:17:36","guid":{"rendered":"https:\/\/abd.ong\/infancia-i-familia\/"},"modified":"2020-01-23T18:37:40","modified_gmt":"2020-01-23T17:37:40","slug":"infancia-i-familia","status":"publish","type":"page","link":"https:\/\/abd.ong\/ca\/causes\/infancia-i-familia\/","title":{"rendered":"Inf\u00e0ncia i fam\u00edlia"},"content":{"rendered":"\t\t<div data-elementor-type=\"wp-page\" data-elementor-id=\"11952\" class=\"elementor elementor-11952 elementor-2980\" data-elementor-post-type=\"page\">\n\t\t\t\t\t\t<section class=\"elementor-section elementor-top-section elementor-element elementor-element-5a4a631f elementor-section-content-middle elementor-reverse-mobile elementor-section-height-full elementor-section-boxed elementor-section-height-default elementor-section-items-middle\" data-id=\"5a4a631f\" data-element_type=\"section\" data-e-type=\"section\" data-settings=\"{&quot;background_background&quot;:&quot;classic&quot;}\">\n\t\t\t\t\t\t<div class=\"elementor-container elementor-column-gap-default\">\n\t\t\t\t\t<div class=\"elementor-column elementor-col-50 elementor-top-column elementor-element elementor-element-53e6882\" data-id=\"53e6882\" data-element_type=\"column\" data-e-type=\"column\">\n\t\t\t<div class=\"elementor-widget-wrap\">\n\t\t\t\t\t\t\t<\/div>\n\t\t<\/div>\n\t\t\t\t<div class=\"elementor-column elementor-col-50 elementor-top-column elementor-element elementor-element-21ef48ba full-h\" data-id=\"21ef48ba\" data-element_type=\"column\" data-e-type=\"column\">\n\t\t\t<div class=\"elementor-widget-wrap elementor-element-populated\">\n\t\t\t\t\t\t<div class=\"elementor-element elementor-element-6c83d4b7 elementor-widget elementor-widget-heading\" data-id=\"6c83d4b7\" data-element_type=\"widget\" data-e-type=\"widget\" data-widget_type=\"heading.default\">\n\t\t\t\t<div class=\"elementor-widget-container\">\n\t\t\t\t\t<h1 class=\"elementor-heading-title elementor-size-default\">Inf\u00e0ncia i fam\u00edlia<\/h1>\t\t\t\t<\/div>\n\t\t\t\t<\/div>\n\t\t\t\t<div class=\"elementor-element elementor-element-41fc4d5e elementor-widget elementor-widget-text-editor\" data-id=\"41fc4d5e\" data-element_type=\"widget\" data-e-type=\"widget\" data-widget_type=\"text-editor.default\">\n\t\t\t\t<div class=\"elementor-widget-container\">\n\t\t\t\t\t\t\t\t\t<p><strong>La inf\u00e0ncia, degut a la seva fragilitat, est\u00e0 exposada a una vulnerabilitat m\u00e9s gran de drets<\/strong>. Nom\u00e9s a Europa, el 19% dels infants estan en risc de pobresa i a Espanya arriba al 40%. Darrera de les xifres, hi ha rostres infantils, un futur incert. Vivim una situaci\u00f3 d\u2019emerg\u00e8ncia social que accentuar\u00e0 i allargar\u00e0 les desigualtats i la pobresa infantil en un futur proper si no hi posem remei. Necessitem un sistema de protecci\u00f3 a la inf\u00e0ncia millor, que garanteixi els drets dels m\u00e9s petits.<\/p>\n\t\t\t\t\t\t\t\t<\/div>\n\t\t\t\t<\/div>\n\t\t\t\t<div class=\"elementor-element elementor-element-6991a68a elementor-widget elementor-widget-Links Causa\" data-id=\"6991a68a\" data-element_type=\"widget\" data-e-type=\"widget\" data-widget_type=\"Links Causa.default\">\n\t\t\t\t<div class=\"elementor-widget-container\">\n\t\t\t\t\t\t\n\t  <nav class=\"ancores-programa\">\n\t    <div class=\"d-flex flex-row\">\n\t\t\t  <a href=\"#programas-propios\" class=\"btn-ancora btn-degradat scroll\">Veure programes<\/a>\n\t\t\t  <!--a href=\"#servicios-publicos\" class=\"btn-ancora btn-degradat ml-2 scroll\">Serveis p\u00fablics<\/a-->\n\t\t\t  <a href=\"#blog\" class=\"btn-ancora btn-ancora-negre ml-2 scroll\">Veure not\u00edcies<\/a>\n\t\t\t<\/div>  \n\t\t<\/nav>\n\n\t\t\t\t\t<\/div>\n\t\t\t\t<\/div>\n\t\t\t\t\t<\/div>\n\t\t<\/div>\n\t\t\t\t\t<\/div>\n\t\t<\/section>\n\t\t\t\t<section class=\"elementor-section elementor-top-section elementor-element elementor-element-43fc7a33 elementor-section-boxed elementor-section-height-default elementor-section-height-default\" data-id=\"43fc7a33\" data-element_type=\"section\" data-e-type=\"section\">\n\t\t\t\t\t\t<div class=\"elementor-container elementor-column-gap-default\">\n\t\t\t\t\t<div class=\"elementor-column elementor-col-16 elementor-top-column elementor-element elementor-element-1375dab2\" data-id=\"1375dab2\" data-element_type=\"column\" data-e-type=\"column\">\n\t\t\t<div class=\"elementor-widget-wrap\">\n\t\t\t\t\t\t\t<\/div>\n\t\t<\/div>\n\t\t\t\t<div class=\"elementor-column elementor-col-66 elementor-top-column elementor-element elementor-element-5b6119c3\" data-id=\"5b6119c3\" data-element_type=\"column\" data-e-type=\"column\">\n\t\t\t<div class=\"elementor-widget-wrap elementor-element-populated\">\n\t\t\t\t\t\t<div class=\"elementor-element elementor-element-167f54a6 elementor-widget elementor-widget-heading\" data-id=\"167f54a6\" data-element_type=\"widget\" data-e-type=\"widget\" data-widget_type=\"heading.default\">\n\t\t\t\t<div class=\"elementor-widget-container\">\n\t\t\t\t\t<h2 class=\"elementor-heading-title elementor-size-default\">La nostra resposta<\/h2>\t\t\t\t<\/div>\n\t\t\t\t<\/div>\n\t\t\t\t<div class=\"elementor-element elementor-element-5bd24502 elementor-widget elementor-widget-text-editor\" data-id=\"5bd24502\" data-element_type=\"widget\" data-e-type=\"widget\" data-widget_type=\"text-editor.default\">\n\t\t\t\t<div class=\"elementor-widget-container\">\n\t\t\t\t\t\t\t\t\t<p><em>Per defensar els seus drets i assegurar el seu benestar, ens comprometem amb la inf\u00e0ncia, amb el seu entorn i fam\u00edlia; potenciem la crian\u00e7a positiva, tot respectant les seves necessitats i desitjos, a la vegada que afavorim el seu desenvolupament en igualtat d\u2019oportunitats.<\/em><\/p>\n\t\t\t\t\t\t\t\t<\/div>\n\t\t\t\t<\/div>\n\t\t\t\t\t<\/div>\n\t\t<\/div>\n\t\t\t\t<div class=\"elementor-column elementor-col-16 elementor-top-column elementor-element elementor-element-7b7e9210\" data-id=\"7b7e9210\" data-element_type=\"column\" data-e-type=\"column\">\n\t\t\t<div class=\"elementor-widget-wrap\">\n\t\t\t\t\t\t\t<\/div>\n\t\t<\/div>\n\t\t\t\t\t<\/div>\n\t\t<\/section>\n\t\t\t\t<section class=\"elementor-section elementor-top-section elementor-element elementor-element-5a4d28a elementor-section-boxed elementor-section-height-default elementor-section-height-default\" data-id=\"5a4d28a\" data-element_type=\"section\" data-e-type=\"section\">\n\t\t\t\t\t\t<div class=\"elementor-container elementor-column-gap-default\">\n\t\t\t\t\t<div class=\"elementor-column elementor-col-25 elementor-top-column elementor-element elementor-element-3c1f5fdf\" data-id=\"3c1f5fdf\" data-element_type=\"column\" data-e-type=\"column\">\n\t\t\t<div class=\"elementor-widget-wrap elementor-element-populated\">\n\t\t\t\t\t\t<div class=\"elementor-element elementor-element-220536a6 elementor-widget elementor-widget-heading\" data-id=\"220536a6\" data-element_type=\"widget\" data-e-type=\"widget\" data-widget_type=\"heading.default\">\n\t\t\t\t<div class=\"elementor-widget-container\">\n\t\t\t\t\t<h4 class=\"elementor-heading-title elementor-size-default\">Dret a la protecci\u00f3<\/h4>\t\t\t\t<\/div>\n\t\t\t\t<\/div>\n\t\t\t\t<div class=\"elementor-element elementor-element-465d6c12 elementor-widget elementor-widget-text-editor\" data-id=\"465d6c12\" data-element_type=\"widget\" data-e-type=\"widget\" data-widget_type=\"text-editor.default\">\n\t\t\t\t<div class=\"elementor-widget-container\">\n\t\t\t\t\t\t\t\t\t<p>Detecci\u00f3 preco\u00e7 i acollida de casos d\u2019especial vulnerabilitat. Cobrim les necessitats b\u00e0siques d\u2019alimentaci\u00f3, medicaments i altres productes de primera necessitat. Tots els infants tenen dret a un habitatge. Assessorem i donem suport a les fam\u00edlies amb pocs recursos perqu\u00e8 sigui aix\u00ed.<\/p>\n\t\t\t\t\t\t\t\t<\/div>\n\t\t\t\t<\/div>\n\t\t\t\t\t<\/div>\n\t\t<\/div>\n\t\t\t\t<div class=\"elementor-column elementor-col-25 elementor-top-column elementor-element elementor-element-542d7696\" data-id=\"542d7696\" data-element_type=\"column\" data-e-type=\"column\">\n\t\t\t<div class=\"elementor-widget-wrap elementor-element-populated\">\n\t\t\t\t\t\t<div class=\"elementor-element elementor-element-47736ca4 elementor-widget elementor-widget-heading\" data-id=\"47736ca4\" data-element_type=\"widget\" data-e-type=\"widget\" data-widget_type=\"heading.default\">\n\t\t\t\t<div class=\"elementor-widget-container\">\n\t\t\t\t\t<h4 class=\"elementor-heading-title elementor-size-default\">Dret a l\u2019educaci\u00f3<\/h4>\t\t\t\t<\/div>\n\t\t\t\t<\/div>\n\t\t\t\t<div class=\"elementor-element elementor-element-18aee55f elementor-widget elementor-widget-text-editor\" data-id=\"18aee55f\" data-element_type=\"widget\" data-e-type=\"widget\" data-widget_type=\"text-editor.default\">\n\t\t\t\t<div class=\"elementor-widget-container\">\n\t\t\t\t\t\t\t\t\t<p>Els acompanyem durant el proc\u00e9s educatiu i d\u2019escolaritzaci\u00f3.<\/p>\n\t\t\t\t\t\t\t\t<\/div>\n\t\t\t\t<\/div>\n\t\t\t\t\t<\/div>\n\t\t<\/div>\n\t\t\t\t<div class=\"elementor-column elementor-col-25 elementor-top-column elementor-element elementor-element-758a062\" data-id=\"758a062\" data-element_type=\"column\" data-e-type=\"column\">\n\t\t\t<div class=\"elementor-widget-wrap elementor-element-populated\">\n\t\t\t\t\t\t<div class=\"elementor-element elementor-element-1f79e422 elementor-widget elementor-widget-heading\" data-id=\"1f79e422\" data-element_type=\"widget\" data-e-type=\"widget\" data-widget_type=\"heading.default\">\n\t\t\t\t<div class=\"elementor-widget-container\">\n\t\t\t\t\t<h4 class=\"elementor-heading-title elementor-size-default\">Dret al joc<\/h4>\t\t\t\t<\/div>\n\t\t\t\t<\/div>\n\t\t\t\t<div class=\"elementor-element elementor-element-7696391e elementor-widget elementor-widget-text-editor\" data-id=\"7696391e\" data-element_type=\"widget\" data-e-type=\"widget\" data-widget_type=\"text-editor.default\">\n\t\t\t\t<div class=\"elementor-widget-container\">\n\t\t\t\t\t\t\t\t\t<p>Nens i nenes aprenen i descobreixen la vida jugant. Vetllem perqu\u00e8 tinguin espai i tranquil\u00b7litat per fer-ho.<\/p>\n\t\t\t\t\t\t\t\t<\/div>\n\t\t\t\t<\/div>\n\t\t\t\t\t<\/div>\n\t\t<\/div>\n\t\t\t\t<div class=\"elementor-column elementor-col-25 elementor-top-column elementor-element elementor-element-8a8d278\" data-id=\"8a8d278\" data-element_type=\"column\" data-e-type=\"column\">\n\t\t\t<div class=\"elementor-widget-wrap elementor-element-populated\">\n\t\t\t\t\t\t<div class=\"elementor-element elementor-element-45375dac elementor-widget elementor-widget-heading\" data-id=\"45375dac\" data-element_type=\"widget\" data-e-type=\"widget\" data-widget_type=\"heading.default\">\n\t\t\t\t<div class=\"elementor-widget-container\">\n\t\t\t\t\t<h4 class=\"elementor-heading-title elementor-size-default\">Dret a l\u2019acompanyament de les fam\u00edlies<\/h4>\t\t\t\t<\/div>\n\t\t\t\t<\/div>\n\t\t\t\t<div class=\"elementor-element elementor-element-7b10e570 elementor-widget elementor-widget-text-editor\" data-id=\"7b10e570\" data-element_type=\"widget\" data-e-type=\"widget\" data-widget_type=\"text-editor.default\">\n\t\t\t\t<div class=\"elementor-widget-container\">\n\t\t\t\t\t\t\t\t\t<p>Reforcem el vincle entre mares, pares i fills. Eduquem en una crian\u00e7a positiva. Atenem psicosocialment tant als infants com a les seves fam\u00edlies.<\/p>\n\t\t\t\t\t\t\t\t<\/div>\n\t\t\t\t<\/div>\n\t\t\t\t\t<\/div>\n\t\t<\/div>\n\t\t\t\t\t<\/div>\n\t\t<\/section>\n\t\t\t\t<section class=\"elementor-section elementor-top-section elementor-element elementor-element-109e7f9c elementor-section-boxed elementor-section-height-default elementor-section-height-default\" data-id=\"109e7f9c\" data-element_type=\"section\" data-e-type=\"section\" data-settings=\"{&quot;background_background&quot;:&quot;classic&quot;}\">\n\t\t\t\t\t\t<div class=\"elementor-container elementor-column-gap-default\">\n\t\t\t\t\t<div class=\"elementor-column elementor-col-66 elementor-top-column elementor-element elementor-element-f105642\" data-id=\"f105642\" data-element_type=\"column\" data-e-type=\"column\">\n\t\t\t<div class=\"elementor-widget-wrap\">\n\t\t\t\t\t\t\t<\/div>\n\t\t<\/div>\n\t\t\t\t<div class=\"elementor-column elementor-col-33 elementor-top-column elementor-element elementor-element-317e9476\" data-id=\"317e9476\" data-element_type=\"column\" data-e-type=\"column\">\n\t\t\t<div class=\"elementor-widget-wrap elementor-element-populated\">\n\t\t\t\t\t\t<div class=\"elementor-element elementor-element-185a3f4b elementor-widget elementor-widget-text-editor\" data-id=\"185a3f4b\" data-element_type=\"widget\" data-e-type=\"widget\" data-widget_type=\"text-editor.default\">\n\t\t\t\t<div class=\"elementor-widget-container\">\n\t\t\t\t\t\t\t\t\t<p><em>&#8220;He descobert que ser mare no \u00e9s la fi del m\u00f3n, tinc ganes de tornar a estudiar, s\u00e9 que podr\u00e9!\u201d.<\/em><\/p>\n\t\t\t\t\t\t\t\t<\/div>\n\t\t\t\t<\/div>\n\t\t\t\t<div class=\"elementor-element elementor-element-4fc6d70f elementor-widget elementor-widget-text-editor\" data-id=\"4fc6d70f\" data-element_type=\"widget\" data-e-type=\"widget\" data-widget_type=\"text-editor.default\">\n\t\t\t\t<div class=\"elementor-widget-container\">\n\t\t\t\t\t\t\t\t\t<p><strong>Mar\u00eda<\/strong><br \/>\n19 anys<\/p>\n\t\t\t\t\t\t\t\t<\/div>\n\t\t\t\t<\/div>\n\t\t\t\t\t<\/div>\n\t\t<\/div>\n\t\t\t\t\t<\/div>\n\t\t<\/section>\n\t\t\t\t<section class=\"elementor-section elementor-top-section elementor-element elementor-element-8caea29 elementor-section-boxed elementor-section-height-default elementor-section-height-default\" data-id=\"8caea29\" data-element_type=\"section\" data-e-type=\"section\" data-settings=\"{&quot;background_background&quot;:&quot;classic&quot;}\">\n\t\t\t\t\t\t<div class=\"elementor-container elementor-column-gap-default\">\n\t\t\t\t\t<div class=\"elementor-column elementor-col-33 elementor-top-column elementor-element elementor-element-cbc31d1\" data-id=\"cbc31d1\" data-element_type=\"column\" data-e-type=\"column\">\n\t\t\t<div class=\"elementor-widget-wrap elementor-element-populated\">\n\t\t\t\t\t\t<div class=\"elementor-element elementor-element-f083b6c elementor-widget elementor-widget-text-editor\" data-id=\"f083b6c\" data-element_type=\"widget\" data-e-type=\"widget\" data-widget_type=\"text-editor.default\">\n\t\t\t\t<div class=\"elementor-widget-container\">\n\t\t\t\t\t\t\t\t\t<p><em>&#8220;He apr\u00e8s molt sobre la crian\u00e7a del meu fill, ara \u00e9s un nad\u00f3 que somriu\u201d.<\/em><\/p>\n\t\t\t\t\t\t\t\t<\/div>\n\t\t\t\t<\/div>\n\t\t\t\t<div class=\"elementor-element elementor-element-1fcb236 elementor-widget elementor-widget-text-editor\" data-id=\"1fcb236\" data-element_type=\"widget\" data-e-type=\"widget\" data-widget_type=\"text-editor.default\">\n\t\t\t\t<div class=\"elementor-widget-container\">\n\t\t\t\t\t\t\t\t\t<p><strong>Roberta<\/strong><br \/>\n18 anys<\/p>\n\t\t\t\t\t\t\t\t<\/div>\n\t\t\t\t<\/div>\n\t\t\t\t\t<\/div>\n\t\t<\/div>\n\t\t\t\t<div class=\"elementor-column elementor-col-66 elementor-top-column elementor-element elementor-element-5da3dc3\" data-id=\"5da3dc3\" data-element_type=\"column\" data-e-type=\"column\">\n\t\t\t<div class=\"elementor-widget-wrap\">\n\t\t\t\t\t\t\t<\/div>\n\t\t<\/div>\n\t\t\t\t\t<\/div>\n\t\t<\/section>\n\t\t\t\t<\/div>\n\t\t","protected":false},"excerpt":{"rendered":"<p>Inf\u00e0ncia i fam\u00edlia La inf\u00e0ncia, degut a la seva fragilitat, est\u00e0 exposada a una vulnerabilitat m\u00e9s gran de drets. Nom\u00e9s a Europa, el 19% dels infants estan en risc de&hellip;<\/p>\n","protected":false},"author":1,"featured_media":10540,"parent":11955,"menu_order":0,"comment_status":"closed","ping_status":"closed","template":"views\/template-causa.blade.php","meta":{"_acf_changed":false,"footnotes":""},"class_list":["post-11952","page","type-page","status-publish","has-post-thumbnail","hentry"],"acf":[],"yoast_head":"<!-- This site is optimized with the Yoast SEO plugin v27.4 - https:\/\/yoast.com\/product\/yoast-seo-wordpress\/ -->\n<title>Inf\u00e0ncia i fam\u00edlia - ABD<\/title>\n<meta name=\"description\" content=\"Inf\u00e0ncia i fam\u00edlia La inf\u00e0ncia, degut a la seva fragilitat, est\u00e0 exposada a una vulnerabilitat m\u00e9s gran de drets. Nom\u00e9s a Europa, el 19% dels infants\" \/>\n<meta name=\"robots\" content=\"index, follow, max-snippet:-1, max-image-preview:large, max-video-preview:-1\" \/>\n<link rel=\"canonical\" href=\"https:\/\/abd.ong\/ca\/causes\/infancia-i-familia\/\" \/>\n<meta property=\"og:locale\" content=\"ca_ES\" \/>\n<meta property=\"og:type\" content=\"article\" \/>\n<meta property=\"og:title\" content=\"Inf\u00e0ncia i fam\u00edlia - ABD\" \/>\n<meta property=\"og:description\" content=\"Inf\u00e0ncia i fam\u00edlia La inf\u00e0ncia, degut a la seva fragilitat, est\u00e0 exposada a una vulnerabilitat m\u00e9s gran de drets. Nom\u00e9s a Europa, el 19% dels infants\" \/>\n<meta property=\"og:url\" content=\"https:\/\/abd.ong\/ca\/causes\/infancia-i-familia\/\" \/>\n<meta property=\"og:site_name\" content=\"ABD\" \/>\n<meta property=\"article:publisher\" content=\"https:\/\/www.facebook.com\/abd.ong\" \/>\n<meta property=\"article:modified_time\" content=\"2020-01-23T17:37:40+00:00\" \/>\n<meta property=\"og:image\" content=\"https:\/\/abd.ong\/wp-content\/uploads\/2023\/01\/ABDLEMA_Hor_Esp-1.png\" \/>\n\t<meta property=\"og:image:width\" content=\"471\" \/>\n\t<meta property=\"og:image:height\" content=\"94\" \/>\n\t<meta property=\"og:image:type\" content=\"image\/png\" \/>\n<meta name=\"twitter:card\" content=\"summary_large_image\" \/>\n<meta name=\"twitter:site\" content=\"@abd_ong\" \/>\n<meta name=\"twitter:label1\" content=\"Temps estimat de lectura\" \/>\n\t<meta name=\"twitter:data1\" content=\"2 minuts\" \/>\n<script type=\"application\/ld+json\" class=\"yoast-schema-graph\">{\"@context\":\"https:\\\/\\\/schema.org\",\"@graph\":[{\"@type\":\"WebPage\",\"@id\":\"https:\\\/\\\/abd.ong\\\/ca\\\/causes\\\/infancia-i-familia\\\/\",\"url\":\"https:\\\/\\\/abd.ong\\\/ca\\\/causes\\\/infancia-i-familia\\\/\",\"name\":\"Inf\u00e0ncia i fam\u00edlia - ABD\",\"isPartOf\":{\"@id\":\"https:\\\/\\\/abd.ong\\\/ca\\\/#website\"},\"primaryImageOfPage\":{\"@id\":\"https:\\\/\\\/abd.ong\\\/ca\\\/causes\\\/infancia-i-familia\\\/#primaryimage\"},\"image\":{\"@id\":\"https:\\\/\\\/abd.ong\\\/ca\\\/causes\\\/infancia-i-familia\\\/#primaryimage\"},\"thumbnailUrl\":\"https:\\\/\\\/abd.ong\\\/wp-content\\\/uploads\\\/2019\\\/11\\\/causa-infancia-solid.svg\",\"datePublished\":\"2019-12-18T19:17:36+00:00\",\"dateModified\":\"2020-01-23T17:37:40+00:00\",\"description\":\"Inf\u00e0ncia i fam\u00edlia La inf\u00e0ncia, degut a la seva fragilitat, est\u00e0 exposada a una vulnerabilitat m\u00e9s gran de drets. Nom\u00e9s a Europa, el 19% dels infants\",\"breadcrumb\":{\"@id\":\"https:\\\/\\\/abd.ong\\\/ca\\\/causes\\\/infancia-i-familia\\\/#breadcrumb\"},\"inLanguage\":\"ca\",\"potentialAction\":[{\"@type\":\"ReadAction\",\"target\":[\"https:\\\/\\\/abd.ong\\\/ca\\\/causes\\\/infancia-i-familia\\\/\"]}]},{\"@type\":\"ImageObject\",\"inLanguage\":\"ca\",\"@id\":\"https:\\\/\\\/abd.ong\\\/ca\\\/causes\\\/infancia-i-familia\\\/#primaryimage\",\"url\":\"https:\\\/\\\/abd.ong\\\/wp-content\\\/uploads\\\/2019\\\/11\\\/causa-infancia-solid.svg\",\"contentUrl\":\"https:\\\/\\\/abd.ong\\\/wp-content\\\/uploads\\\/2019\\\/11\\\/causa-infancia-solid.svg\",\"width\":100,\"height\":100},{\"@type\":\"BreadcrumbList\",\"@id\":\"https:\\\/\\\/abd.ong\\\/ca\\\/causes\\\/infancia-i-familia\\\/#breadcrumb\",\"itemListElement\":[{\"@type\":\"ListItem\",\"position\":1,\"name\":\"Inici\",\"item\":\"https:\\\/\\\/abd.ong\\\/ca\\\/\"},{\"@type\":\"ListItem\",\"position\":2,\"name\":\"Causes\",\"item\":\"https:\\\/\\\/abd.ong\\\/ca\\\/causes\\\/\"},{\"@type\":\"ListItem\",\"position\":3,\"name\":\"Inf\u00e0ncia i fam\u00edlia\"}]},{\"@type\":\"WebSite\",\"@id\":\"https:\\\/\\\/abd.ong\\\/ca\\\/#website\",\"url\":\"https:\\\/\\\/abd.ong\\\/ca\\\/\",\"name\":\"ABD\",\"description\":\"Asociaci\u00f3n Bienestar y Desarrollo\",\"publisher\":{\"@id\":\"https:\\\/\\\/abd.ong\\\/ca\\\/#organization\"},\"potentialAction\":[{\"@type\":\"SearchAction\",\"target\":{\"@type\":\"EntryPoint\",\"urlTemplate\":\"https:\\\/\\\/abd.ong\\\/ca\\\/?s={search_term_string}\"},\"query-input\":{\"@type\":\"PropertyValueSpecification\",\"valueRequired\":true,\"valueName\":\"search_term_string\"}}],\"inLanguage\":\"ca\"},{\"@type\":\"Organization\",\"@id\":\"https:\\\/\\\/abd.ong\\\/ca\\\/#organization\",\"name\":\"Associaci\u00f3 Benestar i Desenvolupament\",\"alternateName\":\"ABD\",\"url\":\"https:\\\/\\\/abd.ong\\\/ca\\\/\",\"logo\":{\"@type\":\"ImageObject\",\"inLanguage\":\"ca\",\"@id\":\"https:\\\/\\\/abd.ong\\\/ca\\\/#\\\/schema\\\/logo\\\/image\\\/\",\"url\":\"https:\\\/\\\/abd.ong\\\/wp-content\\\/uploads\\\/2023\\\/01\\\/Icona.png\",\"contentUrl\":\"https:\\\/\\\/abd.ong\\\/wp-content\\\/uploads\\\/2023\\\/01\\\/Icona.png\",\"width\":190,\"height\":187,\"caption\":\"Associaci\u00f3 Benestar i Desenvolupament\"},\"image\":{\"@id\":\"https:\\\/\\\/abd.ong\\\/ca\\\/#\\\/schema\\\/logo\\\/image\\\/\"},\"sameAs\":[\"https:\\\/\\\/www.facebook.com\\\/abd.ong\",\"https:\\\/\\\/x.com\\\/abd_ong\",\"https:\\\/\\\/www.instagram.com\\\/abd_ong\\\/\",\"https:\\\/\\\/www.linkedin.com\\\/company\\\/abdong\",\"https:\\\/\\\/www.youtube.com\\\/user\\\/CANALABD\"]}]}<\/script>\n<!-- \/ Yoast SEO plugin. -->","yoast_head_json":{"title":"Inf\u00e0ncia i fam\u00edlia - ABD","description":"Inf\u00e0ncia i fam\u00edlia La inf\u00e0ncia, degut a la seva fragilitat, est\u00e0 exposada a una vulnerabilitat m\u00e9s gran de drets. Nom\u00e9s a Europa, el 19% dels infants","robots":{"index":"index","follow":"follow","max-snippet":"max-snippet:-1","max-image-preview":"max-image-preview:large","max-video-preview":"max-video-preview:-1"},"canonical":"https:\/\/abd.ong\/ca\/causes\/infancia-i-familia\/","og_locale":"ca_ES","og_type":"article","og_title":"Inf\u00e0ncia i fam\u00edlia - ABD","og_description":"Inf\u00e0ncia i fam\u00edlia La inf\u00e0ncia, degut a la seva fragilitat, est\u00e0 exposada a una vulnerabilitat m\u00e9s gran de drets. Nom\u00e9s a Europa, el 19% dels infants","og_url":"https:\/\/abd.ong\/ca\/causes\/infancia-i-familia\/","og_site_name":"ABD","article_publisher":"https:\/\/www.facebook.com\/abd.ong","article_modified_time":"2020-01-23T17:37:40+00:00","og_image":[{"width":471,"height":94,"url":"https:\/\/abd.ong\/wp-content\/uploads\/2023\/01\/ABDLEMA_Hor_Esp-1.png","type":"image\/png"}],"twitter_card":"summary_large_image","twitter_site":"@abd_ong","twitter_misc":{"Temps estimat de lectura":"2 minuts"},"schema":{"@context":"https:\/\/schema.org","@graph":[{"@type":"WebPage","@id":"https:\/\/abd.ong\/ca\/causes\/infancia-i-familia\/","url":"https:\/\/abd.ong\/ca\/causes\/infancia-i-familia\/","name":"Inf\u00e0ncia i fam\u00edlia - ABD","isPartOf":{"@id":"https:\/\/abd.ong\/ca\/#website"},"primaryImageOfPage":{"@id":"https:\/\/abd.ong\/ca\/causes\/infancia-i-familia\/#primaryimage"},"image":{"@id":"https:\/\/abd.ong\/ca\/causes\/infancia-i-familia\/#primaryimage"},"thumbnailUrl":"https:\/\/abd.ong\/wp-content\/uploads\/2019\/11\/causa-infancia-solid.svg","datePublished":"2019-12-18T19:17:36+00:00","dateModified":"2020-01-23T17:37:40+00:00","description":"Inf\u00e0ncia i fam\u00edlia La inf\u00e0ncia, degut a la seva fragilitat, est\u00e0 exposada a una vulnerabilitat m\u00e9s gran de drets. Nom\u00e9s a Europa, el 19% dels infants","breadcrumb":{"@id":"https:\/\/abd.ong\/ca\/causes\/infancia-i-familia\/#breadcrumb"},"inLanguage":"ca","potentialAction":[{"@type":"ReadAction","target":["https:\/\/abd.ong\/ca\/causes\/infancia-i-familia\/"]}]},{"@type":"ImageObject","inLanguage":"ca","@id":"https:\/\/abd.ong\/ca\/causes\/infancia-i-familia\/#primaryimage","url":"https:\/\/abd.ong\/wp-content\/uploads\/2019\/11\/causa-infancia-solid.svg","contentUrl":"https:\/\/abd.ong\/wp-content\/uploads\/2019\/11\/causa-infancia-solid.svg","width":100,"height":100},{"@type":"BreadcrumbList","@id":"https:\/\/abd.ong\/ca\/causes\/infancia-i-familia\/#breadcrumb","itemListElement":[{"@type":"ListItem","position":1,"name":"Inici","item":"https:\/\/abd.ong\/ca\/"},{"@type":"ListItem","position":2,"name":"Causes","item":"https:\/\/abd.ong\/ca\/causes\/"},{"@type":"ListItem","position":3,"name":"Inf\u00e0ncia i fam\u00edlia"}]},{"@type":"WebSite","@id":"https:\/\/abd.ong\/ca\/#website","url":"https:\/\/abd.ong\/ca\/","name":"ABD","description":"Asociaci\u00f3n Bienestar y Desarrollo","publisher":{"@id":"https:\/\/abd.ong\/ca\/#organization"},"potentialAction":[{"@type":"SearchAction","target":{"@type":"EntryPoint","urlTemplate":"https:\/\/abd.ong\/ca\/?s={search_term_string}"},"query-input":{"@type":"PropertyValueSpecification","valueRequired":true,"valueName":"search_term_string"}}],"inLanguage":"ca"},{"@type":"Organization","@id":"https:\/\/abd.ong\/ca\/#organization","name":"Associaci\u00f3 Benestar i Desenvolupament","alternateName":"ABD","url":"https:\/\/abd.ong\/ca\/","logo":{"@type":"ImageObject","inLanguage":"ca","@id":"https:\/\/abd.ong\/ca\/#\/schema\/logo\/image\/","url":"https:\/\/abd.ong\/wp-content\/uploads\/2023\/01\/Icona.png","contentUrl":"https:\/\/abd.ong\/wp-content\/uploads\/2023\/01\/Icona.png","width":190,"height":187,"caption":"Associaci\u00f3 Benestar i Desenvolupament"},"image":{"@id":"https:\/\/abd.ong\/ca\/#\/schema\/logo\/image\/"},"sameAs":["https:\/\/www.facebook.com\/abd.ong","https:\/\/x.com\/abd_ong","https:\/\/www.instagram.com\/abd_ong\/","https:\/\/www.linkedin.com\/company\/abdong","https:\/\/www.youtube.com\/user\/CANALABD"]}]}},"_links":{"self":[{"href":"https:\/\/abd.ong\/ca\/wp-json\/wp\/v2\/pages\/11952","targetHints":{"allow":["GET"]}}],"collection":[{"href":"https:\/\/abd.ong\/ca\/wp-json\/wp\/v2\/pages"}],"about":[{"href":"https:\/\/abd.ong\/ca\/wp-json\/wp\/v2\/types\/page"}],"author":[{"embeddable":true,"href":"https:\/\/abd.ong\/ca\/wp-json\/wp\/v2\/users\/1"}],"replies":[{"embeddable":true,"href":"https:\/\/abd.ong\/ca\/wp-json\/wp\/v2\/comments?post=11952"}],"version-history":[{"count":3,"href":"https:\/\/abd.ong\/ca\/wp-json\/wp\/v2\/pages\/11952\/revisions"}],"predecessor-version":[{"id":12395,"href":"https:\/\/abd.ong\/ca\/wp-json\/wp\/v2\/pages\/11952\/revisions\/12395"}],"up":[{"embeddable":true,"href":"https:\/\/abd.ong\/ca\/wp-json\/wp\/v2\/pages\/11955"}],"wp:featuredmedia":[{"embeddable":true,"href":"https:\/\/abd.ong\/ca\/wp-json\/wp\/v2\/media\/10540"}],"wp:attachment":[{"href":"https:\/\/abd.ong\/ca\/wp-json\/wp\/v2\/media?parent=11952"}],"curies":[{"name":"wp","href":"https:\/\/api.w.org\/{rel}","templated":true}]}}