{"id":11937,"date":"2019-09-01T11:53:59","date_gmt":"2019-09-01T09:53:59","guid":{"rendered":"https:\/\/abd.ong\/etica-i-qualitat\/"},"modified":"2024-03-15T11:57:30","modified_gmt":"2024-03-15T10:57:30","slug":"etica-i-qualitat","status":"publish","type":"page","link":"https:\/\/abd.ong\/ca\/etica-i-qualitat\/","title":{"rendered":"\u00c8tica i qualitat"},"content":{"rendered":"\t\t<div data-elementor-type=\"wp-page\" data-elementor-id=\"11937\" class=\"elementor elementor-11937 elementor-37\" data-elementor-post-type=\"page\">\n\t\t\t\t\t\t<section class=\"elementor-section elementor-top-section elementor-element elementor-element-7edf0eab elementor-section-boxed elementor-section-height-default elementor-section-height-default\" data-id=\"7edf0eab\" data-element_type=\"section\" data-e-type=\"section\" data-settings=\"{&quot;background_background&quot;:&quot;classic&quot;}\">\n\t\t\t\t\t\t\t<div class=\"elementor-background-overlay\"><\/div>\n\t\t\t\t\t\t\t<div class=\"elementor-container elementor-column-gap-default\">\n\t\t\t\t\t<div class=\"elementor-column elementor-col-50 elementor-top-column elementor-element elementor-element-7237f81b\" data-id=\"7237f81b\" data-element_type=\"column\" data-e-type=\"column\">\n\t\t\t<div class=\"elementor-widget-wrap elementor-element-populated\">\n\t\t\t\t\t\t<div class=\"elementor-element elementor-element-6de61442 elementor-widget elementor-widget-heading\" data-id=\"6de61442\" data-element_type=\"widget\" data-e-type=\"widget\" data-widget_type=\"heading.default\">\n\t\t\t\t<div class=\"elementor-widget-container\">\n\t\t\t\t\t<h1 class=\"elementor-heading-title elementor-size-default\">\u00c8tica i qualitat<\/h1>\t\t\t\t<\/div>\n\t\t\t\t<\/div>\n\t\t\t\t<div class=\"elementor-element elementor-element-75ceeaf elementor-widget elementor-widget-text-editor\" data-id=\"75ceeaf\" data-element_type=\"widget\" data-e-type=\"widget\" data-widget_type=\"text-editor.default\">\n\t\t\t\t<div class=\"elementor-widget-container\">\n\t\t\t\t\t\t\t\t\t<p>Per a ABD el primer som les persones. Per aquest motiu l&#8217;\u00e8tica i la qualitat s\u00f3n instruments inherents a la nostra acci\u00f3 en cadascun dels nostres serveis.<\/p>\n\t\t\t\t\t\t\t\t<\/div>\n\t\t\t\t<\/div>\n\t\t\t\t<div class=\"elementor-element elementor-element-1a007df7 elementor-button-info scroll elementor-widget elementor-widget-button\" data-id=\"1a007df7\" data-element_type=\"widget\" data-e-type=\"widget\" data-widget_type=\"button.default\">\n\t\t\t\t<div class=\"elementor-widget-container\">\n\t\t\t\t\t\t\t\t\t<div class=\"elementor-button-wrapper\">\n\t\t\t\t\t<a class=\"elementor-button elementor-button-link elementor-size-sm\" href=\"#documents\">\n\t\t\t\t\t\t<span class=\"elementor-button-content-wrapper\">\n\t\t\t\t\t\t\t\t\t<span class=\"elementor-button-text\">Descobreix m\u00e9s<\/span>\n\t\t\t\t\t<\/span>\n\t\t\t\t\t<\/a>\n\t\t\t\t<\/div>\n\t\t\t\t\t\t\t\t<\/div>\n\t\t\t\t<\/div>\n\t\t\t\t\t<\/div>\n\t\t<\/div>\n\t\t\t\t<div class=\"elementor-column elementor-col-50 elementor-top-column elementor-element elementor-element-6dc48255\" data-id=\"6dc48255\" data-element_type=\"column\" data-e-type=\"column\">\n\t\t\t<div class=\"elementor-widget-wrap\">\n\t\t\t\t\t\t\t<\/div>\n\t\t<\/div>\n\t\t\t\t\t<\/div>\n\t\t<\/section>\n\t\t\t\t<section class=\"elementor-section elementor-top-section elementor-element elementor-element-da72dd5 elementor-section-boxed elementor-section-height-default elementor-section-height-default\" data-id=\"da72dd5\" data-element_type=\"section\" data-e-type=\"section\">\n\t\t\t\t\t\t<div class=\"elementor-container elementor-column-gap-default\">\n\t\t\t\t\t<div class=\"elementor-column elementor-col-100 elementor-top-column elementor-element elementor-element-d45e402\" data-id=\"d45e402\" data-element_type=\"column\" data-e-type=\"column\">\n\t\t\t<div class=\"elementor-widget-wrap elementor-element-populated\">\n\t\t\t\t\t\t<div class=\"elementor-element elementor-element-5c3c163 elementor-widget elementor-widget-spacer\" data-id=\"5c3c163\" data-element_type=\"widget\" data-e-type=\"widget\" data-widget_type=\"spacer.default\">\n\t\t\t\t<div class=\"elementor-widget-container\">\n\t\t\t\t\t\t\t<div class=\"elementor-spacer\">\n\t\t\t<div class=\"elementor-spacer-inner\"><\/div>\n\t\t<\/div>\n\t\t\t\t\t\t<\/div>\n\t\t\t\t<\/div>\n\t\t\t\t\t<\/div>\n\t\t<\/div>\n\t\t\t\t\t<\/div>\n\t\t<\/section>\n\t\t\t\t<section class=\"elementor-section elementor-top-section elementor-element elementor-element-6d90648 elementor-section-boxed elementor-section-height-default elementor-section-height-default\" data-id=\"6d90648\" data-element_type=\"section\" data-e-type=\"section\">\n\t\t\t\t\t\t<div class=\"elementor-container elementor-column-gap-default\">\n\t\t\t\t\t<div class=\"elementor-column elementor-col-50 elementor-top-column elementor-element elementor-element-98e5e75\" data-id=\"98e5e75\" data-element_type=\"column\" data-e-type=\"column\">\n\t\t\t<div class=\"elementor-widget-wrap elementor-element-populated\">\n\t\t\t\t\t\t<div class=\"elementor-element elementor-element-2903eff elementor-widget elementor-widget-text-editor\" data-id=\"2903eff\" data-element_type=\"widget\" data-e-type=\"widget\" data-widget_type=\"text-editor.default\">\n\t\t\t\t<div class=\"elementor-widget-container\">\n\t\t\t\t\t\t\t\t\t<h2>Missi\u00f3<\/h2>\n\t\t\t\t\t\t\t\t<\/div>\n\t\t\t\t<\/div>\n\t\t\t\t<div class=\"elementor-element elementor-element-d3b609e elementor-widget elementor-widget-text-editor\" data-id=\"d3b609e\" data-element_type=\"widget\" data-e-type=\"widget\" data-widget_type=\"text-editor.default\">\n\t\t\t\t<div class=\"elementor-widget-container\">\n\t\t\t\t\t\t\t\t\t<p>Creaci\u00f3 i gesti\u00f3 contrastada de projectes i serveis centrats en les persones i en les comunitats per facilitar el seu apoderament i enfortir el seu paper actiu en la generaci\u00f3 d&#8217;igualtat social i benestar personal i col\u00b7lectiu.<\/p>\n\t\t\t\t\t\t\t\t<\/div>\n\t\t\t\t<\/div>\n\t\t\t\t<div class=\"elementor-element elementor-element-548b0bb elementor-widget elementor-widget-text-editor\" data-id=\"548b0bb\" data-element_type=\"widget\" data-e-type=\"widget\" data-widget_type=\"text-editor.default\">\n\t\t\t\t<div class=\"elementor-widget-container\">\n\t\t\t\t\t\t\t\t\t<h2>Visi\u00f3<\/h2>\n\t\t\t\t\t\t\t\t<\/div>\n\t\t\t\t<\/div>\n\t\t\t\t<div class=\"elementor-element elementor-element-3f2b022 elementor-widget elementor-widget-text-editor\" data-id=\"3f2b022\" data-element_type=\"widget\" data-e-type=\"widget\" data-widget_type=\"text-editor.default\">\n\t\t\t\t<div class=\"elementor-widget-container\">\n\t\t\t\t\t\t\t\t\t<p>Entitat promotora i referent d\u2019un model de tercer sector que es caracteritza per:<\/p>\n<ul>\n<li>Uns <strong>valors \u00e8tics<\/strong> en l&#8217;\u00fas dels recursos i en el tracte amb les persones, col\u00b7lectius, comunitats, i administraci\u00f3 contrastats i certificats.<\/li>\n<li>Un model d&#8217;<strong>atenci\u00f3 integral<\/strong> en una triple dimensi\u00f3:<\/li>\n<\/ul>\n<p>Atenci\u00f3 individual, familiar i comunit\u00e0ria.<\/p>\n<p>Gesti\u00f3 efica\u00e7 de serveis per objectius socials, dinamitzaci\u00f3 comunit\u00e0ria, i defensa de drets socials de les persones en situaci\u00f3 de vulnerabilitat.<\/p>\n<p>Programes multidimensionals: social, psicol\u00f2gica, sociosanit\u00e0ria, sostenibilitat, educativa, cultural i jur\u00eddica.<\/p>\n<ul>\n<li>Una economia sanejada, i una <strong>gesti\u00f3 eficient <\/strong>dels programes amb fons p\u00fablics i privats que permetin la inversi\u00f3 social dels guanys.<\/li>\n<\/ul>\n\t\t\t\t\t\t\t\t<\/div>\n\t\t\t\t<\/div>\n\t\t\t\t<div class=\"elementor-element elementor-element-9ecb142 elementor-widget elementor-widget-text-editor\" data-id=\"9ecb142\" data-element_type=\"widget\" data-e-type=\"widget\" data-widget_type=\"text-editor.default\">\n\t\t\t\t<div class=\"elementor-widget-container\">\n\t\t\t\t\t\t\t\t\t<h2>Valors<\/h2>\n\t\t\t\t\t\t\t\t<\/div>\n\t\t\t\t<\/div>\n\t\t\t\t<div class=\"elementor-element elementor-element-94f9ddf elementor-widget elementor-widget-text-editor\" data-id=\"94f9ddf\" data-element_type=\"widget\" data-e-type=\"widget\" data-widget_type=\"text-editor.default\">\n\t\t\t\t<div class=\"elementor-widget-container\">\n\t\t\t\t\t\t\t\t\t<ul>\n<li>Comprom\u00eds social i defensa de drets.<\/li>\n<li>Creativitat, innovaci\u00f3 i qualitat.<\/li>\n<li>\u00c8tica, transpar\u00e8ncia i rendici\u00f3 de comptes.<\/li>\n<li>Pluralisme.<\/li>\n<li>Professionalitat.<\/li>\n<\/ul>\n\t\t\t\t\t\t\t\t<\/div>\n\t\t\t\t<\/div>\n\t\t\t\t\t<\/div>\n\t\t<\/div>\n\t\t\t\t<div class=\"elementor-column elementor-col-50 elementor-top-column elementor-element elementor-element-b336408\" data-id=\"b336408\" data-element_type=\"column\" data-e-type=\"column\">\n\t\t\t<div class=\"elementor-widget-wrap elementor-element-populated\">\n\t\t\t\t\t\t<div class=\"elementor-element elementor-element-9e272e2 elementor-widget elementor-widget-image\" data-id=\"9e272e2\" data-element_type=\"widget\" data-e-type=\"widget\" data-widget_type=\"image.default\">\n\t\t\t\t<div class=\"elementor-widget-container\">\n\t\t\t\t\t\t\t\t\t\t\t\t\t\t\t<img fetchpriority=\"high\" decoding=\"async\" width=\"683\" height=\"1024\" src=\"https:\/\/abd.ong\/wp-content\/uploads\/2022\/01\/equipo-683x1024.jpg\" class=\"attachment-large size-large wp-image-29621\" alt=\"\" srcset=\"https:\/\/abd.ong\/wp-content\/uploads\/2022\/01\/equipo-683x1024.jpg 683w, https:\/\/abd.ong\/wp-content\/uploads\/2022\/01\/equipo-200x300.jpg 200w, https:\/\/abd.ong\/wp-content\/uploads\/2022\/01\/equipo-768x1151.jpg 768w, https:\/\/abd.ong\/wp-content\/uploads\/2022\/01\/equipo-1025x1536.jpg 1025w, https:\/\/abd.ong\/wp-content\/uploads\/2022\/01\/equipo-1367x2048.jpg 1367w, https:\/\/abd.ong\/wp-content\/uploads\/2022\/01\/equipo-scaled.jpg 1708w\" sizes=\"(max-width: 683px) 100vw, 683px\" \/>\t\t\t\t\t\t\t\t\t\t\t\t\t\t\t<\/div>\n\t\t\t\t<\/div>\n\t\t\t\t\t<\/div>\n\t\t<\/div>\n\t\t\t\t\t<\/div>\n\t\t<\/section>\n\t\t\t\t<section class=\"elementor-section elementor-top-section elementor-element elementor-element-1fe78ed1 elementor-section-boxed elementor-section-height-default elementor-section-height-default\" data-id=\"1fe78ed1\" data-element_type=\"section\" data-e-type=\"section\" id=\"documentos\">\n\t\t\t\t\t\t<div class=\"elementor-container elementor-column-gap-default\">\n\t\t\t\t\t<div class=\"elementor-column elementor-col-50 elementor-top-column elementor-element elementor-element-5237f05a\" data-id=\"5237f05a\" data-element_type=\"column\" data-e-type=\"column\">\n\t\t\t<div class=\"elementor-widget-wrap elementor-element-populated\">\n\t\t\t\t\t\t<div class=\"elementor-element elementor-element-c3a4316 elementor-widget elementor-widget-image\" data-id=\"c3a4316\" data-element_type=\"widget\" data-e-type=\"widget\" data-widget_type=\"image.default\">\n\t\t\t\t<div class=\"elementor-widget-container\">\n\t\t\t\t\t\t\t\t\t\t\t\t\t\t\t<img decoding=\"async\" width=\"1024\" height=\"659\" src=\"https:\/\/abd.ong\/wp-content\/uploads\/2019\/10\/comite-etica-1024x659.jpg\" class=\"attachment-large size-large wp-image-3898\" alt=\"\" srcset=\"https:\/\/abd.ong\/wp-content\/uploads\/2019\/10\/comite-etica-1024x659.jpg 1024w, https:\/\/abd.ong\/wp-content\/uploads\/2019\/10\/comite-etica-300x193.jpg 300w, https:\/\/abd.ong\/wp-content\/uploads\/2019\/10\/comite-etica-768x494.jpg 768w, https:\/\/abd.ong\/wp-content\/uploads\/2019\/10\/comite-etica.jpg 1920w\" sizes=\"(max-width: 1024px) 100vw, 1024px\" \/>\t\t\t\t\t\t\t\t\t\t\t\t\t\t\t<\/div>\n\t\t\t\t<\/div>\n\t\t\t\t\t<\/div>\n\t\t<\/div>\n\t\t\t\t<div class=\"elementor-column elementor-col-50 elementor-top-column elementor-element elementor-element-45dff688\" data-id=\"45dff688\" data-element_type=\"column\" data-e-type=\"column\">\n\t\t\t<div class=\"elementor-widget-wrap elementor-element-populated\">\n\t\t\t\t\t\t<div class=\"elementor-element elementor-element-176f381 elementor-widget elementor-widget-heading\" data-id=\"176f381\" data-element_type=\"widget\" data-e-type=\"widget\" data-widget_type=\"heading.default\">\n\t\t\t\t<div class=\"elementor-widget-container\">\n\t\t\t\t\t<h2 class=\"elementor-heading-title elementor-size-default\">Comit\u00e9 d'\u00c8tica<\/h2>\t\t\t\t<\/div>\n\t\t\t\t<\/div>\n\t\t\t\t<div class=\"elementor-element elementor-element-6aa75d5 elementor-widget elementor-widget-text-editor\" data-id=\"6aa75d5\" data-element_type=\"widget\" data-e-type=\"widget\" data-widget_type=\"text-editor.default\">\n\t\t\t\t<div class=\"elementor-widget-container\">\n\t\t\t\t\t\t\t\t\t<p><strong>Vetllem pel respecte dels drets de les persones dins i fora de l&#8217;organitzaci\u00f3<\/strong>, incloent la promoci\u00f3 dels valors democr\u00e0tics, l&#8217;enfortiment \u00e8tic de la societat civil i les bones actituds en l&#8217;atenci\u00f3 de les persones usu\u00e0ries, familiars i acompanyants en tots els programes, considerant-les no nom\u00e9s com a receptores sin\u00f3 tamb\u00e9 com a agents actius en la participaci\u00f3 i gesti\u00f3 dels serveis i del seu benestar.<\/p>\n\t\t\t\t\t\t\t\t<\/div>\n\t\t\t\t<\/div>\n\t\t\t\t<div class=\"elementor-element elementor-element-1987fb4 elementor-widget elementor-widget-heading\" data-id=\"1987fb4\" data-element_type=\"widget\" data-e-type=\"widget\" data-widget_type=\"heading.default\">\n\t\t\t\t<div class=\"elementor-widget-container\">\n\t\t\t\t\t<h4 class=\"elementor-heading-title elementor-size-default\"> El Comit\u00e8 d'\u00c8tica d'Intervenci\u00f3 Social d\u2019ABD es va constituir l'any 2010 i es va acreditar com a Espai de Reflexi\u00f3 \u00c8tica (ERESS), pel Comit\u00e8 d'\u00c8tica dels Serveis Socials de Catalunya el 2014.<\/h4>\t\t\t\t<\/div>\n\t\t\t\t<\/div>\n\t\t\t\t\t<\/div>\n\t\t<\/div>\n\t\t\t\t\t<\/div>\n\t\t<\/section>\n\t\t\t\t<section class=\"elementor-section elementor-top-section elementor-element elementor-element-62772c2 elementor-section-boxed elementor-section-height-default elementor-section-height-default\" data-id=\"62772c2\" data-element_type=\"section\" data-e-type=\"section\" data-settings=\"{&quot;background_background&quot;:&quot;classic&quot;}\">\n\t\t\t\t\t\t<div class=\"elementor-container elementor-column-gap-default\">\n\t\t\t\t\t<div class=\"elementor-column elementor-col-50 elementor-top-column elementor-element elementor-element-a111595\" data-id=\"a111595\" data-element_type=\"column\" data-e-type=\"column\">\n\t\t\t<div class=\"elementor-widget-wrap elementor-element-populated\">\n\t\t\t\t\t\t<div class=\"elementor-element elementor-element-4d4540b elementor-widget elementor-widget-text-editor\" data-id=\"4d4540b\" data-element_type=\"widget\" data-e-type=\"widget\" data-widget_type=\"text-editor.default\">\n\t\t\t\t<div class=\"elementor-widget-container\">\n\t\t\t\t\t\t\t\t\t<p>Per vetllar pel seu compliment, disposem d&#8217;un <strong>Codi \u00c8tic<\/strong> com\u00fa per a la intervenci\u00f3 social i passem diverses <strong>Auditories de Qualitat<\/strong> dels projectes i serveis que duem a terme.<\/p>\n<p>El desenvolupament d&#8217;una societat cada vegada m\u00e9s complexa, en la qual, els individus gaudeixen de m\u00e9s llibertat per decidir sobre la forma en qu\u00e8 volen viure, ens obliga a aprofundir en la reflexi\u00f3 d&#8217;aspectes \u00e8tics i morals.<\/p>\n\t\t\t\t\t\t\t\t<\/div>\n\t\t\t\t<\/div>\n\t\t\t\t\t<\/div>\n\t\t<\/div>\n\t\t\t\t<div class=\"elementor-column elementor-col-50 elementor-top-column elementor-element elementor-element-f6d573f\" data-id=\"f6d573f\" data-element_type=\"column\" data-e-type=\"column\">\n\t\t\t<div class=\"elementor-widget-wrap elementor-element-populated\">\n\t\t\t\t\t\t<div class=\"elementor-element elementor-element-5f9f7d9 elementor-widget elementor-widget-text-editor\" data-id=\"5f9f7d9\" data-element_type=\"widget\" data-e-type=\"widget\" data-widget_type=\"text-editor.default\">\n\t\t\t\t<div class=\"elementor-widget-container\">\n\t\t\t\t\t\t\t\t\t<p>En aquest sentit, es fa imprescindible l&#8217;exist\u00e8ncia d&#8217;organismes dedicats a deliberar sobre les q\u00fcestions m\u00e9s problem\u00e0tiques, per tal que es garanteixi la dignitat de les persones, el seu benestar i el respecte a la seva autonomia i intimitat.<\/p>\n\t\t\t\t\t\t\t\t<\/div>\n\t\t\t\t<\/div>\n\t\t\t\t<div class=\"elementor-element elementor-element-1aae2e4 elementor-widget elementor-widget-button\" data-id=\"1aae2e4\" data-element_type=\"widget\" data-e-type=\"widget\" data-widget_type=\"button.default\">\n\t\t\t\t<div class=\"elementor-widget-container\">\n\t\t\t\t\t\t\t\t\t<div class=\"elementor-button-wrapper\">\n\t\t\t\t\t<a class=\"elementor-button elementor-button-link elementor-size-sm\" href=\"https:\/\/abd.ong\/wp-content\/uploads\/2024\/03\/Codi-etic-cat-A5.pdf\">\n\t\t\t\t\t\t<span class=\"elementor-button-content-wrapper\">\n\t\t\t\t\t\t\t\t\t<span class=\"elementor-button-text\">Descarregar el Codi \u00c8tic<\/span>\n\t\t\t\t\t<\/span>\n\t\t\t\t\t<\/a>\n\t\t\t\t<\/div>\n\t\t\t\t\t\t\t\t<\/div>\n\t\t\t\t<\/div>\n\t\t\t\t\t<\/div>\n\t\t<\/div>\n\t\t\t\t\t<\/div>\n\t\t<\/section>\n\t\t\t\t<section class=\"elementor-section elementor-top-section elementor-element elementor-element-69d0e26 elementor-section-boxed elementor-section-height-default elementor-section-height-default\" data-id=\"69d0e26\" data-element_type=\"section\" data-e-type=\"section\" data-settings=\"{&quot;background_background&quot;:&quot;classic&quot;}\">\n\t\t\t\t\t\t<div class=\"elementor-container elementor-column-gap-default\">\n\t\t\t\t\t<div class=\"elementor-column elementor-col-100 elementor-top-column elementor-element elementor-element-f2c96be\" data-id=\"f2c96be\" data-element_type=\"column\" data-e-type=\"column\">\n\t\t\t<div class=\"elementor-widget-wrap elementor-element-populated\">\n\t\t\t\t\t\t<div class=\"elementor-element elementor-element-22c1363 elementor-widget elementor-widget-heading\" data-id=\"22c1363\" data-element_type=\"widget\" data-e-type=\"widget\" data-widget_type=\"heading.default\">\n\t\t\t\t<div class=\"elementor-widget-container\">\n\t\t\t\t\t<h2 class=\"elementor-heading-title elementor-size-default\">Comissi\u00f3 de Qualitat<\/h2>\t\t\t\t<\/div>\n\t\t\t\t<\/div>\n\t\t\t\t\t<\/div>\n\t\t<\/div>\n\t\t\t\t\t<\/div>\n\t\t<\/section>\n\t\t\t\t<section class=\"elementor-section elementor-top-section elementor-element elementor-element-12736c9 elementor-section-boxed elementor-section-height-default elementor-section-height-default\" data-id=\"12736c9\" data-element_type=\"section\" data-e-type=\"section\" data-settings=\"{&quot;background_background&quot;:&quot;classic&quot;}\">\n\t\t\t\t\t\t<div class=\"elementor-container elementor-column-gap-default\">\n\t\t\t\t\t<div class=\"elementor-column elementor-col-50 elementor-top-column elementor-element elementor-element-88145de\" data-id=\"88145de\" data-element_type=\"column\" data-e-type=\"column\">\n\t\t\t<div class=\"elementor-widget-wrap elementor-element-populated\">\n\t\t\t\t\t\t<div class=\"elementor-element elementor-element-9d4a425 elementor-widget elementor-widget-text-editor\" data-id=\"9d4a425\" data-element_type=\"widget\" data-e-type=\"widget\" data-widget_type=\"text-editor.default\">\n\t\t\t\t<div class=\"elementor-widget-container\">\n\t\t\t\t\t\t\t\t\t<p>Amb la finalitat de mantenir i millorar la qualitat dels serveis prestats, ABD disposa d&#8217;una comissi\u00f3 de qualitat que posa en funcionament una s\u00e8rie de sistemes de garantia de qualitat i de transpar\u00e8ncia en la gesti\u00f3 de l&#8217;entitat.<\/p>\n<p>ABD treballa en base a un sistema de gesti\u00f3 que \u00e9s conforme amb la norma ISO-9001. Aquest sistema \u00e9s una eina b\u00e0sica per a <strong>millorar cont\u00ednuament la qualitat dels serveis<\/strong> que prestem, per a complir els requisits dels nostres clients i persones usu\u00e0ries i els requisits legals i per a assegurar el bon govern de les entitats que formen part de Grup.<\/p>\n\t\t\t\t\t\t\t\t<\/div>\n\t\t\t\t<\/div>\n\t\t\t\t\t<\/div>\n\t\t<\/div>\n\t\t\t\t<div class=\"elementor-column elementor-col-50 elementor-top-column elementor-element elementor-element-a05c934\" data-id=\"a05c934\" data-element_type=\"column\" data-e-type=\"column\">\n\t\t\t<div class=\"elementor-widget-wrap elementor-element-populated\">\n\t\t\t\t\t\t<div class=\"elementor-element elementor-element-1709385 elementor-widget elementor-widget-text-editor\" data-id=\"1709385\" data-element_type=\"widget\" data-e-type=\"widget\" data-widget_type=\"text-editor.default\">\n\t\t\t\t<div class=\"elementor-widget-container\">\n\t\t\t\t\t\t\t\t\t<p>ABD ha adoptat els mitjans necessaris perqu\u00e8 la pol\u00edtica de qualitat en els termes definits s&#8217;entengui, s&#8217;apliqui i es mantingui al dia. Perqu\u00e8 sigui aix\u00ed es duen a terme sessions formatives i informatives i es difon la documentaci\u00f3 corresponent al nostre sistema de gesti\u00f3.<\/p>\n\t\t\t\t\t\t\t\t<\/div>\n\t\t\t\t<\/div>\n\t\t\t\t<div class=\"elementor-element elementor-element-616b232 elementor-widget elementor-widget-button\" data-id=\"616b232\" data-element_type=\"widget\" data-e-type=\"widget\" data-widget_type=\"button.default\">\n\t\t\t\t<div class=\"elementor-widget-container\">\n\t\t\t\t\t\t\t\t\t<div class=\"elementor-button-wrapper\">\n\t\t\t\t\t<a class=\"elementor-button elementor-button-link elementor-size-sm\" href=\"https:\/\/abd.ong\/wp-content\/uploads\/2023\/05\/Certificado-ISO-9001-cat.pdf\">\n\t\t\t\t\t\t<span class=\"elementor-button-content-wrapper\">\n\t\t\t\t\t\t\t\t\t<span class=\"elementor-button-text\">Norma ISO 9001:2015<\/span>\n\t\t\t\t\t<\/span>\n\t\t\t\t\t<\/a>\n\t\t\t\t<\/div>\n\t\t\t\t\t\t\t\t<\/div>\n\t\t\t\t<\/div>\n\t\t\t\t<div class=\"elementor-element elementor-element-6fba910 elementor-widget elementor-widget-button\" data-id=\"6fba910\" data-element_type=\"widget\" data-e-type=\"widget\" data-widget_type=\"button.default\">\n\t\t\t\t<div class=\"elementor-widget-container\">\n\t\t\t\t\t\t\t\t\t<div class=\"elementor-button-wrapper\">\n\t\t\t\t\t<a class=\"elementor-button elementor-button-link elementor-size-sm\" href=\"https:\/\/abd.ong\/wp-content\/uploads\/2023\/01\/Politica-de-qualitat-CAT.pdf\">\n\t\t\t\t\t\t<span class=\"elementor-button-content-wrapper\">\n\t\t\t\t\t\t\t\t\t<span class=\"elementor-button-text\">Pol\u00edtica de qualitat<\/span>\n\t\t\t\t\t<\/span>\n\t\t\t\t\t<\/a>\n\t\t\t\t<\/div>\n\t\t\t\t\t\t\t\t<\/div>\n\t\t\t\t<\/div>\n\t\t\t\t\t<\/div>\n\t\t<\/div>\n\t\t\t\t\t<\/div>\n\t\t<\/section>\n\t\t\t\t<section class=\"elementor-section elementor-top-section elementor-element elementor-element-58c8f49 elementor-section-boxed elementor-section-height-default elementor-section-height-default\" data-id=\"58c8f49\" data-element_type=\"section\" data-e-type=\"section\" data-settings=\"{&quot;background_background&quot;:&quot;classic&quot;}\">\n\t\t\t\t\t\t<div class=\"elementor-container elementor-column-gap-default\">\n\t\t\t\t\t<div class=\"elementor-column elementor-col-50 elementor-top-column elementor-element elementor-element-924466f\" data-id=\"924466f\" data-element_type=\"column\" data-e-type=\"column\">\n\t\t\t<div class=\"elementor-widget-wrap elementor-element-populated\">\n\t\t\t\t\t\t<div class=\"elementor-element elementor-element-684cbfe elementor-widget elementor-widget-image\" data-id=\"684cbfe\" data-element_type=\"widget\" data-e-type=\"widget\" data-widget_type=\"image.default\">\n\t\t\t\t<div class=\"elementor-widget-container\">\n\t\t\t\t\t\t\t\t\t\t\t\t\t\t\t<img decoding=\"async\" width=\"1024\" height=\"683\" src=\"https:\/\/abd.ong\/wp-content\/uploads\/2019\/10\/Charter-Diversity-1024x683.jpg\" class=\"attachment-large size-large wp-image-3891\" alt=\"\" srcset=\"https:\/\/abd.ong\/wp-content\/uploads\/2019\/10\/Charter-Diversity-1024x683.jpg 1024w, https:\/\/abd.ong\/wp-content\/uploads\/2019\/10\/Charter-Diversity-300x200.jpg 300w, https:\/\/abd.ong\/wp-content\/uploads\/2019\/10\/Charter-Diversity-768x512.jpg 768w, https:\/\/abd.ong\/wp-content\/uploads\/2019\/10\/Charter-Diversity-600x400.jpg 600w, https:\/\/abd.ong\/wp-content\/uploads\/2019\/10\/Charter-Diversity.jpg 1200w\" sizes=\"(max-width: 1024px) 100vw, 1024px\" \/>\t\t\t\t\t\t\t\t\t\t\t\t\t\t\t<\/div>\n\t\t\t\t<\/div>\n\t\t\t\t\t<\/div>\n\t\t<\/div>\n\t\t\t\t<div class=\"elementor-column elementor-col-50 elementor-top-column elementor-element elementor-element-fe3b30c\" data-id=\"fe3b30c\" data-element_type=\"column\" data-e-type=\"column\">\n\t\t\t<div class=\"elementor-widget-wrap elementor-element-populated\">\n\t\t\t\t\t\t<div class=\"elementor-element elementor-element-cc908e5 elementor-widget elementor-widget-heading\" data-id=\"cc908e5\" data-element_type=\"widget\" data-e-type=\"widget\" data-widget_type=\"heading.default\">\n\t\t\t\t<div class=\"elementor-widget-container\">\n\t\t\t\t\t<h2 class=\"elementor-heading-title elementor-size-default\">Pol\u00edtica d'igualtat<\/h2>\t\t\t\t<\/div>\n\t\t\t\t<\/div>\n\t\t\t\t<div class=\"elementor-element elementor-element-2b1658d elementor-widget elementor-widget-text-editor\" data-id=\"2b1658d\" data-element_type=\"widget\" data-e-type=\"widget\" data-widget_type=\"text-editor.default\">\n\t\t\t\t<div class=\"elementor-widget-container\">\n\t\t\t\t\t\t\t\t\t<p><strong>Apostem per la implantaci\u00f3 i defensa de les Pol\u00edtiques d&#8217;Igualtat entre dones i homes.<\/strong><\/p>\n<p>Dins de la nostra organitzaci\u00f3 s&#8217;apliquen accions i millores dirigides espec\u00edficament a la igualtat de tracte i oportunitats entre les i els professionals i la conciliaci\u00f3 de la vida laboral i personal.<\/p>\n<p>Aquests i altres objectius es treballen dins de l&#8217;Acord de Gesti\u00f3 de la Diversitat signats amb CCOO el 2009 i que l&#8217;any 2011 vam ampliar i ratifiquem amb la signatura del Charter de la Diversitat, iniciativa europea que s&#8217;emmarca dins de les directives antidiscriminaci\u00f3 adoptades en 2000.<\/p>\n<p>Aquest any hem renovat l&#8217;adhesi\u00f3 a aquesta carta\/codi de comprom\u00eds amb els principis de la Comissi\u00f3 Europea sobre igualtat, inclusi\u00f3 i diversitat.<\/p>\n\t\t\t\t\t\t\t\t<\/div>\n\t\t\t\t<\/div>\n\t\t\t\t\t<\/div>\n\t\t<\/div>\n\t\t\t\t\t<\/div>\n\t\t<\/section>\n\t\t\t\t<section class=\"elementor-section elementor-top-section elementor-element elementor-element-7cfce2b elementor-section-boxed elementor-section-height-default elementor-section-height-default\" data-id=\"7cfce2b\" data-element_type=\"section\" data-e-type=\"section\">\n\t\t\t\t\t\t<div class=\"elementor-container elementor-column-gap-default\">\n\t\t\t\t\t<div class=\"elementor-column elementor-col-100 elementor-top-column elementor-element elementor-element-6b8a9a9\" data-id=\"6b8a9a9\" data-element_type=\"column\" data-e-type=\"column\">\n\t\t\t<div class=\"elementor-widget-wrap elementor-element-populated\">\n\t\t\t\t\t\t<div class=\"elementor-element elementor-element-3a42607 elementor-widget elementor-widget-text-editor\" data-id=\"3a42607\" data-element_type=\"widget\" data-e-type=\"widget\" data-widget_type=\"text-editor.default\">\n\t\t\t\t<div class=\"elementor-widget-container\">\n\t\t\t\t\t\t\t\t\t<h2>Pol\u00edtica de Protecci\u00f3 i Bon Tracte a la inf\u00e0ncia i adolesc\u00e8ncia<\/h2>\n\t\t\t\t\t\t\t\t<\/div>\n\t\t\t\t<\/div>\n\t\t\t\t\t<\/div>\n\t\t<\/div>\n\t\t\t\t\t<\/div>\n\t\t<\/section>\n\t\t\t\t<section class=\"elementor-section elementor-top-section elementor-element elementor-element-8ff97c1 elementor-section-boxed elementor-section-height-default elementor-section-height-default\" data-id=\"8ff97c1\" data-element_type=\"section\" data-e-type=\"section\">\n\t\t\t\t\t\t<div class=\"elementor-container elementor-column-gap-default\">\n\t\t\t\t\t<div class=\"elementor-column elementor-col-100 elementor-top-column elementor-element elementor-element-90f8606\" data-id=\"90f8606\" data-element_type=\"column\" data-e-type=\"column\">\n\t\t\t<div class=\"elementor-widget-wrap elementor-element-populated\">\n\t\t\t\t\t\t<div class=\"elementor-element elementor-element-b9eae37 elementor-widget elementor-widget-spacer\" data-id=\"b9eae37\" data-element_type=\"widget\" data-e-type=\"widget\" data-widget_type=\"spacer.default\">\n\t\t\t\t<div class=\"elementor-widget-container\">\n\t\t\t\t\t\t\t<div class=\"elementor-spacer\">\n\t\t\t<div class=\"elementor-spacer-inner\"><\/div>\n\t\t<\/div>\n\t\t\t\t\t\t<\/div>\n\t\t\t\t<\/div>\n\t\t\t\t\t<\/div>\n\t\t<\/div>\n\t\t\t\t\t<\/div>\n\t\t<\/section>\n\t\t\t\t<section class=\"elementor-section elementor-top-section elementor-element elementor-element-04c1680 elementor-section-boxed elementor-section-height-default elementor-section-height-default\" data-id=\"04c1680\" data-element_type=\"section\" data-e-type=\"section\">\n\t\t\t\t\t\t<div class=\"elementor-container elementor-column-gap-default\">\n\t\t\t\t\t<div class=\"elementor-column elementor-col-50 elementor-top-column elementor-element elementor-element-9bb104f\" data-id=\"9bb104f\" data-element_type=\"column\" data-e-type=\"column\">\n\t\t\t<div class=\"elementor-widget-wrap elementor-element-populated\">\n\t\t\t\t\t\t<div class=\"elementor-element elementor-element-0e411a0 elementor-widget elementor-widget-text-editor\" data-id=\"0e411a0\" data-element_type=\"widget\" data-e-type=\"widget\" data-widget_type=\"text-editor.default\">\n\t\t\t\t<div class=\"elementor-widget-container\">\n\t\t\t\t\t\t\t\t\t<p>A ABD creiem que <strong>les nenes, nens i adolescents (NNA) tenen dret a ser protegits\/des i que requereixen una atenci\u00f3 especial<\/strong>. Creiem en el dret de la inf\u00e0ncia i l&#8217;adolesc\u00e8ncia a una vida lliure de viol\u00e8ncia i en la responsabilitat de tots\/es de crear les condicions necess\u00e0ries que en garanteixin la seguretat i el benestar en qualsevol circumst\u00e0ncia.<\/p>\n<p>Per aix\u00f2, hem elaborat una Pol\u00edtica de Protecci\u00f3 i Bon Tracte a la inf\u00e0ncia i l&#8217;adolesc\u00e8ncia (PPBT) que estableix els principals punts que tota persona involucrada amb ABD ha de seguir en aquesta mat\u00e8ria.<\/p>\n\t\t\t\t\t\t\t\t<\/div>\n\t\t\t\t<\/div>\n\t\t\t\t<div class=\"elementor-element elementor-element-76a9a48 elementor-widget elementor-widget-button\" data-id=\"76a9a48\" data-element_type=\"widget\" data-e-type=\"widget\" data-widget_type=\"button.default\">\n\t\t\t\t<div class=\"elementor-widget-container\">\n\t\t\t\t\t\t\t\t\t<div class=\"elementor-button-wrapper\">\n\t\t\t\t\t<a class=\"elementor-button elementor-button-link elementor-size-sm\" href=\"https:\/\/abd.ong\/wp-content\/uploads\/2023\/11\/ABD_PoliticaInfancia.pdf\">\n\t\t\t\t\t\t<span class=\"elementor-button-content-wrapper\">\n\t\t\t\t\t\t\t\t\t<span class=\"elementor-button-text\">Pol\u00edtica de Protecci\u00f3 i Bon Tracte a la inf\u00e0ncia i adolesc\u00e8ncia<\/span>\n\t\t\t\t\t<\/span>\n\t\t\t\t\t<\/a>\n\t\t\t\t<\/div>\n\t\t\t\t\t\t\t\t<\/div>\n\t\t\t\t<\/div>\n\t\t\t\t\t<\/div>\n\t\t<\/div>\n\t\t\t\t<div class=\"elementor-column elementor-col-50 elementor-top-column elementor-element elementor-element-bf97692\" data-id=\"bf97692\" data-element_type=\"column\" data-e-type=\"column\">\n\t\t\t<div class=\"elementor-widget-wrap elementor-element-populated\">\n\t\t\t\t\t\t<div class=\"elementor-element elementor-element-7034646 elementor-widget elementor-widget-image\" data-id=\"7034646\" data-element_type=\"widget\" data-e-type=\"widget\" data-widget_type=\"image.default\">\n\t\t\t\t<div class=\"elementor-widget-container\">\n\t\t\t\t\t\t\t\t\t\t\t\t\t\t\t<img loading=\"lazy\" decoding=\"async\" width=\"1024\" height=\"683\" src=\"https:\/\/abd.ong\/wp-content\/uploads\/2023\/11\/Preinfant-2s-20210928-79-1024x683.jpg\" class=\"attachment-large size-large wp-image-155912\" alt=\"\" srcset=\"https:\/\/abd.ong\/wp-content\/uploads\/2023\/11\/Preinfant-2s-20210928-79-1024x683.jpg 1024w, https:\/\/abd.ong\/wp-content\/uploads\/2023\/11\/Preinfant-2s-20210928-79-300x200.jpg 300w, https:\/\/abd.ong\/wp-content\/uploads\/2023\/11\/Preinfant-2s-20210928-79-768x512.jpg 768w, https:\/\/abd.ong\/wp-content\/uploads\/2023\/11\/Preinfant-2s-20210928-79-1536x1024.jpg 1536w, https:\/\/abd.ong\/wp-content\/uploads\/2023\/11\/Preinfant-2s-20210928-79-600x400.jpg 600w, https:\/\/abd.ong\/wp-content\/uploads\/2023\/11\/Preinfant-2s-20210928-79-1920x1280.jpg 1920w, https:\/\/abd.ong\/wp-content\/uploads\/2023\/11\/Preinfant-2s-20210928-79.jpg 2048w\" sizes=\"(max-width: 1024px) 100vw, 1024px\" \/>\t\t\t\t\t\t\t\t\t\t\t\t\t\t\t<\/div>\n\t\t\t\t<\/div>\n\t\t\t\t\t<\/div>\n\t\t<\/div>\n\t\t\t\t\t<\/div>\n\t\t<\/section>\n\t\t\t\t<section class=\"elementor-section elementor-top-section elementor-element elementor-element-460f5d2e elementor-section-content-middle elementor-section-boxed elementor-section-height-default elementor-section-height-default\" data-id=\"460f5d2e\" data-element_type=\"section\" data-e-type=\"section\" data-settings=\"{&quot;background_background&quot;:&quot;classic&quot;}\">\n\t\t\t\t\t\t<div class=\"elementor-container elementor-column-gap-default\">\n\t\t\t\t\t<div class=\"elementor-column elementor-col-50 elementor-top-column elementor-element elementor-element-29e14ead\" data-id=\"29e14ead\" data-element_type=\"column\" data-e-type=\"column\">\n\t\t\t<div class=\"elementor-widget-wrap elementor-element-populated\">\n\t\t\t\t\t\t<div class=\"elementor-element elementor-element-2da01df7 elementor-widget elementor-widget-image\" data-id=\"2da01df7\" data-element_type=\"widget\" data-e-type=\"widget\" data-widget_type=\"image.default\">\n\t\t\t\t<div class=\"elementor-widget-container\">\n\t\t\t\t\t\t\t\t\t\t\t\t\t\t\t<img loading=\"lazy\" decoding=\"async\" width=\"1920\" height=\"1152\" src=\"https:\/\/abd.ong\/wp-content\/uploads\/2023\/03\/Anadir-un-poco-de-texto-1-1920x1152.png\" class=\"attachment-fons size-fons wp-image-44785\" alt=\"\" \/>\t\t\t\t\t\t\t\t\t\t\t\t\t\t\t<\/div>\n\t\t\t\t<\/div>\n\t\t\t\t\t<\/div>\n\t\t<\/div>\n\t\t\t\t<div class=\"elementor-column elementor-col-50 elementor-top-column elementor-element elementor-element-7ec01a74\" data-id=\"7ec01a74\" data-element_type=\"column\" data-e-type=\"column\">\n\t\t\t<div class=\"elementor-widget-wrap elementor-element-populated\">\n\t\t\t\t\t\t<div class=\"elementor-element elementor-element-30bc5f5e elementor-widget elementor-widget-text-editor\" data-id=\"30bc5f5e\" data-element_type=\"widget\" data-e-type=\"widget\" data-widget_type=\"text-editor.default\">\n\t\t\t\t<div class=\"elementor-widget-container\">\n\t\t\t\t\t\t\t\t\t<p>&#8220;ABD s&#8217;ha consolidat amb els anys gr\u00e0cies a la ferma convicci\u00f3 que nom\u00e9s amb coher\u00e8ncia, \u00e8tica i honestedat es pot donar exemple i, d&#8217;aquesta manera, expandir el nostre model de transformaci\u00f3 social&#8221;.<\/p>\n\t\t\t\t\t\t\t\t<\/div>\n\t\t\t\t<\/div>\n\t\t\t\t<div class=\"elementor-element elementor-element-3eeaf5d3 elementor-widget elementor-widget-text-editor\" data-id=\"3eeaf5d3\" data-element_type=\"widget\" data-e-type=\"widget\" data-widget_type=\"text-editor.default\">\n\t\t\t\t<div class=\"elementor-widget-container\">\n\t\t\t\t\t\t\t\t\t<p><strong>\u00c0ngels Guiteras: Gerent d&#8217;ABD.\u00a0<\/strong><\/p>\n\t\t\t\t\t\t\t\t<\/div>\n\t\t\t\t<\/div>\n\t\t\t\t\t<\/div>\n\t\t<\/div>\n\t\t\t\t\t<\/div>\n\t\t<\/section>\n\t\t\t\t<section class=\"elementor-section elementor-top-section elementor-element elementor-element-849fd47 elementor-section-boxed elementor-section-height-default elementor-section-height-default\" data-id=\"849fd47\" data-element_type=\"section\" data-e-type=\"section\">\n\t\t\t\t\t\t<div class=\"elementor-container elementor-column-gap-default\">\n\t\t\t\t\t<div class=\"elementor-column elementor-col-100 elementor-top-column elementor-element elementor-element-32987de\" data-id=\"32987de\" data-element_type=\"column\" data-e-type=\"column\">\n\t\t\t<div class=\"elementor-widget-wrap elementor-element-populated\">\n\t\t\t\t\t\t<div class=\"elementor-element elementor-element-130e4b4 elementor-widget elementor-widget-spacer\" data-id=\"130e4b4\" data-element_type=\"widget\" data-e-type=\"widget\" data-widget_type=\"spacer.default\">\n\t\t\t\t<div class=\"elementor-widget-container\">\n\t\t\t\t\t\t\t<div class=\"elementor-spacer\">\n\t\t\t<div class=\"elementor-spacer-inner\"><\/div>\n\t\t<\/div>\n\t\t\t\t\t\t<\/div>\n\t\t\t\t<\/div>\n\t\t\t\t\t<\/div>\n\t\t<\/div>\n\t\t\t\t\t<\/div>\n\t\t<\/section>\n\t\t\t\t<\/div>\n\t\t","protected":false},"excerpt":{"rendered":"<p>\u00c8tica i qualitat Per a ABD el primer som les persones. Per aquest motiu l&#8217;\u00e8tica i la qualitat s\u00f3n instruments inherents a la nostra acci\u00f3 en cadascun dels nostres serveis.&hellip;<\/p>\n","protected":false},"author":1,"featured_media":0,"parent":0,"menu_order":0,"comment_status":"closed","ping_status":"closed","template":"","meta":{"_acf_changed":false,"footnotes":""},"class_list":["post-11937","page","type-page","status-publish","hentry"],"acf":[],"yoast_head":"<!-- This site is optimized with the Yoast SEO plugin v27.4 - https:\/\/yoast.com\/product\/yoast-seo-wordpress\/ -->\n<title>\u00c8tica i qualitat - ABD<\/title>\n<meta name=\"description\" content=\"\u00c8tica i qualitat Per a ABD el primer som les persones. Per aquest motiu l&#039;\u00e8tica i la qualitat s\u00f3n instruments inherents a la nostra acci\u00f3 en cadascun dels\" \/>\n<meta name=\"robots\" content=\"index, follow, max-snippet:-1, max-image-preview:large, max-video-preview:-1\" \/>\n<link rel=\"canonical\" href=\"https:\/\/abd.ong\/ca\/etica-i-qualitat\/\" \/>\n<meta property=\"og:locale\" content=\"ca_ES\" \/>\n<meta property=\"og:type\" content=\"article\" \/>\n<meta property=\"og:title\" content=\"\u00c8tica i qualitat - ABD\" \/>\n<meta property=\"og:description\" content=\"\u00c8tica i qualitat Per a ABD el primer som les persones. Per aquest motiu l&#039;\u00e8tica i la qualitat s\u00f3n instruments inherents a la nostra acci\u00f3 en cadascun dels\" \/>\n<meta property=\"og:url\" content=\"https:\/\/abd.ong\/ca\/etica-i-qualitat\/\" \/>\n<meta property=\"og:site_name\" content=\"ABD\" \/>\n<meta property=\"article:publisher\" content=\"https:\/\/www.facebook.com\/abd.ong\" \/>\n<meta property=\"article:modified_time\" content=\"2024-03-15T10:57:30+00:00\" \/>\n<meta property=\"og:image\" content=\"https:\/\/abd.ong\/wp-content\/uploads\/2022\/01\/equipo-scaled-e1643633671953-784x1024.jpg\" \/>\n<meta name=\"twitter:card\" content=\"summary_large_image\" \/>\n<meta name=\"twitter:site\" content=\"@abd_ong\" \/>\n<meta name=\"twitter:label1\" content=\"Temps estimat de lectura\" \/>\n\t<meta name=\"twitter:data1\" content=\"5 minuts\" \/>\n<script type=\"application\/ld+json\" class=\"yoast-schema-graph\">{\"@context\":\"https:\\\/\\\/schema.org\",\"@graph\":[{\"@type\":\"WebPage\",\"@id\":\"https:\\\/\\\/abd.ong\\\/ca\\\/etica-i-qualitat\\\/\",\"url\":\"https:\\\/\\\/abd.ong\\\/ca\\\/etica-i-qualitat\\\/\",\"name\":\"\u00c8tica i qualitat - ABD\",\"isPartOf\":{\"@id\":\"https:\\\/\\\/abd.ong\\\/ca\\\/#website\"},\"primaryImageOfPage\":{\"@id\":\"https:\\\/\\\/abd.ong\\\/ca\\\/etica-i-qualitat\\\/#primaryimage\"},\"image\":{\"@id\":\"https:\\\/\\\/abd.ong\\\/ca\\\/etica-i-qualitat\\\/#primaryimage\"},\"thumbnailUrl\":\"https:\\\/\\\/abd.ong\\\/wp-content\\\/uploads\\\/2022\\\/01\\\/equipo-scaled-e1643633671953-784x1024.jpg\",\"datePublished\":\"2019-09-01T09:53:59+00:00\",\"dateModified\":\"2024-03-15T10:57:30+00:00\",\"description\":\"\u00c8tica i qualitat Per a ABD el primer som les persones. Per aquest motiu l'\u00e8tica i la qualitat s\u00f3n instruments inherents a la nostra acci\u00f3 en cadascun dels\",\"breadcrumb\":{\"@id\":\"https:\\\/\\\/abd.ong\\\/ca\\\/etica-i-qualitat\\\/#breadcrumb\"},\"inLanguage\":\"ca\",\"potentialAction\":[{\"@type\":\"ReadAction\",\"target\":[\"https:\\\/\\\/abd.ong\\\/ca\\\/etica-i-qualitat\\\/\"]}]},{\"@type\":\"ImageObject\",\"inLanguage\":\"ca\",\"@id\":\"https:\\\/\\\/abd.ong\\\/ca\\\/etica-i-qualitat\\\/#primaryimage\",\"url\":\"https:\\\/\\\/abd.ong\\\/wp-content\\\/uploads\\\/2022\\\/01\\\/equipo-scaled-e1643633671953-784x1024.jpg\",\"contentUrl\":\"https:\\\/\\\/abd.ong\\\/wp-content\\\/uploads\\\/2022\\\/01\\\/equipo-scaled-e1643633671953-784x1024.jpg\"},{\"@type\":\"BreadcrumbList\",\"@id\":\"https:\\\/\\\/abd.ong\\\/ca\\\/etica-i-qualitat\\\/#breadcrumb\",\"itemListElement\":[{\"@type\":\"ListItem\",\"position\":1,\"name\":\"Inici\",\"item\":\"https:\\\/\\\/abd.ong\\\/ca\\\/\"},{\"@type\":\"ListItem\",\"position\":2,\"name\":\"\u00c8tica i qualitat\"}]},{\"@type\":\"WebSite\",\"@id\":\"https:\\\/\\\/abd.ong\\\/ca\\\/#website\",\"url\":\"https:\\\/\\\/abd.ong\\\/ca\\\/\",\"name\":\"ABD\",\"description\":\"Asociaci\u00f3n Bienestar y Desarrollo\",\"publisher\":{\"@id\":\"https:\\\/\\\/abd.ong\\\/ca\\\/#organization\"},\"potentialAction\":[{\"@type\":\"SearchAction\",\"target\":{\"@type\":\"EntryPoint\",\"urlTemplate\":\"https:\\\/\\\/abd.ong\\\/ca\\\/?s={search_term_string}\"},\"query-input\":{\"@type\":\"PropertyValueSpecification\",\"valueRequired\":true,\"valueName\":\"search_term_string\"}}],\"inLanguage\":\"ca\"},{\"@type\":\"Organization\",\"@id\":\"https:\\\/\\\/abd.ong\\\/ca\\\/#organization\",\"name\":\"Associaci\u00f3 Benestar i Desenvolupament\",\"alternateName\":\"ABD\",\"url\":\"https:\\\/\\\/abd.ong\\\/ca\\\/\",\"logo\":{\"@type\":\"ImageObject\",\"inLanguage\":\"ca\",\"@id\":\"https:\\\/\\\/abd.ong\\\/ca\\\/#\\\/schema\\\/logo\\\/image\\\/\",\"url\":\"https:\\\/\\\/abd.ong\\\/wp-content\\\/uploads\\\/2023\\\/01\\\/Icona.png\",\"contentUrl\":\"https:\\\/\\\/abd.ong\\\/wp-content\\\/uploads\\\/2023\\\/01\\\/Icona.png\",\"width\":190,\"height\":187,\"caption\":\"Associaci\u00f3 Benestar i Desenvolupament\"},\"image\":{\"@id\":\"https:\\\/\\\/abd.ong\\\/ca\\\/#\\\/schema\\\/logo\\\/image\\\/\"},\"sameAs\":[\"https:\\\/\\\/www.facebook.com\\\/abd.ong\",\"https:\\\/\\\/x.com\\\/abd_ong\",\"https:\\\/\\\/www.instagram.com\\\/abd_ong\\\/\",\"https:\\\/\\\/www.linkedin.com\\\/company\\\/abdong\",\"https:\\\/\\\/www.youtube.com\\\/user\\\/CANALABD\"]}]}<\/script>\n<!-- \/ Yoast SEO plugin. -->","yoast_head_json":{"title":"\u00c8tica i qualitat - ABD","description":"\u00c8tica i qualitat Per a ABD el primer som les persones. Per aquest motiu l'\u00e8tica i la qualitat s\u00f3n instruments inherents a la nostra acci\u00f3 en cadascun dels","robots":{"index":"index","follow":"follow","max-snippet":"max-snippet:-1","max-image-preview":"max-image-preview:large","max-video-preview":"max-video-preview:-1"},"canonical":"https:\/\/abd.ong\/ca\/etica-i-qualitat\/","og_locale":"ca_ES","og_type":"article","og_title":"\u00c8tica i qualitat - ABD","og_description":"\u00c8tica i qualitat Per a ABD el primer som les persones. Per aquest motiu l'\u00e8tica i la qualitat s\u00f3n instruments inherents a la nostra acci\u00f3 en cadascun dels","og_url":"https:\/\/abd.ong\/ca\/etica-i-qualitat\/","og_site_name":"ABD","article_publisher":"https:\/\/www.facebook.com\/abd.ong","article_modified_time":"2024-03-15T10:57:30+00:00","og_image":[{"url":"https:\/\/abd.ong\/wp-content\/uploads\/2022\/01\/equipo-scaled-e1643633671953-784x1024.jpg","type":"","width":"","height":""}],"twitter_card":"summary_large_image","twitter_site":"@abd_ong","twitter_misc":{"Temps estimat de lectura":"5 minuts"},"schema":{"@context":"https:\/\/schema.org","@graph":[{"@type":"WebPage","@id":"https:\/\/abd.ong\/ca\/etica-i-qualitat\/","url":"https:\/\/abd.ong\/ca\/etica-i-qualitat\/","name":"\u00c8tica i qualitat - ABD","isPartOf":{"@id":"https:\/\/abd.ong\/ca\/#website"},"primaryImageOfPage":{"@id":"https:\/\/abd.ong\/ca\/etica-i-qualitat\/#primaryimage"},"image":{"@id":"https:\/\/abd.ong\/ca\/etica-i-qualitat\/#primaryimage"},"thumbnailUrl":"https:\/\/abd.ong\/wp-content\/uploads\/2022\/01\/equipo-scaled-e1643633671953-784x1024.jpg","datePublished":"2019-09-01T09:53:59+00:00","dateModified":"2024-03-15T10:57:30+00:00","description":"\u00c8tica i qualitat Per a ABD el primer som les persones. Per aquest motiu l'\u00e8tica i la qualitat s\u00f3n instruments inherents a la nostra acci\u00f3 en cadascun dels","breadcrumb":{"@id":"https:\/\/abd.ong\/ca\/etica-i-qualitat\/#breadcrumb"},"inLanguage":"ca","potentialAction":[{"@type":"ReadAction","target":["https:\/\/abd.ong\/ca\/etica-i-qualitat\/"]}]},{"@type":"ImageObject","inLanguage":"ca","@id":"https:\/\/abd.ong\/ca\/etica-i-qualitat\/#primaryimage","url":"https:\/\/abd.ong\/wp-content\/uploads\/2022\/01\/equipo-scaled-e1643633671953-784x1024.jpg","contentUrl":"https:\/\/abd.ong\/wp-content\/uploads\/2022\/01\/equipo-scaled-e1643633671953-784x1024.jpg"},{"@type":"BreadcrumbList","@id":"https:\/\/abd.ong\/ca\/etica-i-qualitat\/#breadcrumb","itemListElement":[{"@type":"ListItem","position":1,"name":"Inici","item":"https:\/\/abd.ong\/ca\/"},{"@type":"ListItem","position":2,"name":"\u00c8tica i qualitat"}]},{"@type":"WebSite","@id":"https:\/\/abd.ong\/ca\/#website","url":"https:\/\/abd.ong\/ca\/","name":"ABD","description":"Asociaci\u00f3n Bienestar y Desarrollo","publisher":{"@id":"https:\/\/abd.ong\/ca\/#organization"},"potentialAction":[{"@type":"SearchAction","target":{"@type":"EntryPoint","urlTemplate":"https:\/\/abd.ong\/ca\/?s={search_term_string}"},"query-input":{"@type":"PropertyValueSpecification","valueRequired":true,"valueName":"search_term_string"}}],"inLanguage":"ca"},{"@type":"Organization","@id":"https:\/\/abd.ong\/ca\/#organization","name":"Associaci\u00f3 Benestar i Desenvolupament","alternateName":"ABD","url":"https:\/\/abd.ong\/ca\/","logo":{"@type":"ImageObject","inLanguage":"ca","@id":"https:\/\/abd.ong\/ca\/#\/schema\/logo\/image\/","url":"https:\/\/abd.ong\/wp-content\/uploads\/2023\/01\/Icona.png","contentUrl":"https:\/\/abd.ong\/wp-content\/uploads\/2023\/01\/Icona.png","width":190,"height":187,"caption":"Associaci\u00f3 Benestar i Desenvolupament"},"image":{"@id":"https:\/\/abd.ong\/ca\/#\/schema\/logo\/image\/"},"sameAs":["https:\/\/www.facebook.com\/abd.ong","https:\/\/x.com\/abd_ong","https:\/\/www.instagram.com\/abd_ong\/","https:\/\/www.linkedin.com\/company\/abdong","https:\/\/www.youtube.com\/user\/CANALABD"]}]}},"_links":{"self":[{"href":"https:\/\/abd.ong\/ca\/wp-json\/wp\/v2\/pages\/11937","targetHints":{"allow":["GET"]}}],"collection":[{"href":"https:\/\/abd.ong\/ca\/wp-json\/wp\/v2\/pages"}],"about":[{"href":"https:\/\/abd.ong\/ca\/wp-json\/wp\/v2\/types\/page"}],"author":[{"embeddable":true,"href":"https:\/\/abd.ong\/ca\/wp-json\/wp\/v2\/users\/1"}],"replies":[{"embeddable":true,"href":"https:\/\/abd.ong\/ca\/wp-json\/wp\/v2\/comments?post=11937"}],"version-history":[{"count":3,"href":"https:\/\/abd.ong\/ca\/wp-json\/wp\/v2\/pages\/11937\/revisions"}],"predecessor-version":[{"id":158826,"href":"https:\/\/abd.ong\/ca\/wp-json\/wp\/v2\/pages\/11937\/revisions\/158826"}],"wp:attachment":[{"href":"https:\/\/abd.ong\/ca\/wp-json\/wp\/v2\/media?parent=11937"}],"curies":[{"name":"wp","href":"https:\/\/api.w.org\/{rel}","templated":true}]}}